{"id":2,"date":"2015-06-28T08:14:18","date_gmt":"2015-06-28T08:14:18","guid":{"rendered":"http:\/\/violaine-romeas.org\/?page_id=2"},"modified":"2026-01-14T14:59:40","modified_gmt":"2026-01-14T14:59:40","slug":"page-d-entree","status":"publish","type":"page","link":"https:\/\/lefildesformes.org\/?page_id=2","title":{"rendered":"Les artistes associ\u00e9.e.s"},"content":{"rendered":"<p><strong><em>Violaine<\/em><em><strong> R<\/strong>om\u00e9as<\/em><\/strong><em> est <\/em><em>marionnettiste et m\u00e9diatrice artistique,<\/em><em> a collabor\u00e9 avec Marcel Violette, \u00abLa Marionnetterie\u00bb (dans l&rsquo;Orne), avec\u00a0 Alain Duverne dans la Cie \u00abImages et Mouvements\u00bb \u00e0 Paris.<br \/>\n<\/em><\/p>\n<p><em> En tant qu\u2019interpr\u00e8te elle a anim\u00e9 des marionnettes t\u00e9l\u00e9visuelles telles que celles du B\u00e9b\u00eate show et des Guignols de l\u2019Info.<\/em><\/p>\n<p><em>Elle a particip\u00e9 en tant qu\u2019actrice-manipulatrice \u00e0 de nombreux spectacles : \u00abAchille immobile \u00e0 grands pas\u00bb (Les ateliers du spectacle), \u00abL\u2019histoire de Gaspar Hauser\u00bb (T.J.P. de Strasbourg), \u00ab Babayaga, grand-m\u00e8re jambe d\u2019os\u00bb(A.C.D.M.,Charleville-M\u00e9zi\u00e8res), \u00ab Entre chien et loup \u00bb (International Visual Th\u00e9\u00e2tre, Paris), \u00a0\u00bb Je marcherai&#8230;\u00a0\u00bb, un spectacle autour de l\u2019\u0153uvre de Sylvia Plath, etc.<\/em><\/p>\n<p><em>De 2001 \u00e0 2016, elle\u00a0 cor\u00e9alise avec sabine Rosnay toutes les cr\u00e9ations de la Compagnie Passages bas\u00e9e dans la Sarthe. Parall\u00e8lement \u00e0 ses activit\u00e9s de marionnettiste interpr\u00e8te, elle a toujours anim\u00e9 des ateliers, \u00e0 l\u2019attention d\u2019enfants, d\u2019adolescents et aussi de personnes sourdes et malentendantes.<\/em><\/p>\n<p><em>Entre 2013 et 2018, elle participe au \u00ab Duo itin\u00e9rant danse et marionnettes\u00a0\u00bb, une cr\u00e9ation pour les r\u00e9sidents de Maisons d\u2019Accueil Sp\u00e9cialis\u00e9es, avec la danseuse Nathalie Bailleau. (Cie : Une fois, un jour).<\/em><\/p>\n<p><strong>\u00a0<\/strong><em>Entre <\/em><em>2014 et 2017, e<b>l<\/b><em>le anime des ateliers d&rsquo;expression par la marionnette \u00e0 L&rsquo;U.P.M. de Morancez, un service de l&rsquo;h\u00f4pital Henri Ey (secteur Chartrain) dans le cadre du projet \u00ab\u00a0Marionnettes \u00e0 ma table\u00a0\u00bb. Une action soutenue par la Fondation de France qui s&rsquo;adresse \u00e0 des personnes sujettes \u00e0 des troubles du comportement alimentaire.<\/em><\/em><\/p>\n<p><em>Elle participe \u00e0 l&rsquo;organisation du festival \u00ab\u00a0Des mots dans les nuages\u00a0\u00bb. Cette <\/em><em>biennale tout publics, qui associe la po\u00e9sie, la marionnette, le th\u00e9\u00e2tre d&rsquo;ombres, les contes et la musique a lieu \u00e0 Saint Julien, sur la presqu&rsquo;\u00eele de Crozon (29) depuis 2009.<\/em><\/p>\n<p><em>Depuis 2011 elle am\u00e8ne la marionnette dans le secteur du soin et dans le domaine social \u00e0 l\u2019h\u00f4pital\u00a0 de Chartres par exemple, ou e<b>l<\/b>le anime des ateliers de 2014 \u00e0 2017 dans le cadre du projet \u00ab\u00a0Marionnettes \u00e0 ma table\u00a0\u00bb. Une action soutenue par la Fondation de France des personnes sujettes \u00e0 des troubles du comportement alimentaire.<\/em><\/p>\n<p><em>Elle travaille aussi dans le domaine social avec diff\u00e9rentes associations comme\u00a0 A.T.D. Quart Monde (le mouvement Agir Tous Pour la Dignit\u00e9, groupe de Nogent-le-Rotrou) ou avec la Fondation Ardouvin, au village d&rsquo;enfant plac\u00e9s de Vercheny-le-haut (26).<\/em><\/p>\n<p><em>Avec l&rsquo;association Trajet Spectacle (Die, 26150) depuis 2021 elle continue \u00e0 transmettre la marionnette pour tous les publics jusque dans des Maisons de retraite.<br \/>\n<\/em><\/p>\n<p><em>Principalement autodidacte, elle a appris en travaillant, au fil des exp\u00e9riences et des rencontres, et aussi en suivant des formations tout au long de son parcours. Elle a pass\u00e9 une ann\u00e9e \u00e0 l&rsquo;universit\u00e9 de Marionnettes de Prague, et a appris la Langue des Signes fran\u00e7aise \u00e0 I.V.T. (International Visual Theatre, Paris). Elle a \u00e9galement suivi le cursus de l\u2019Institut National d\u2019Expression, de Cr\u00e9ation, d\u2019Art et de Th\u00e9rapie \u00e0 Paris.<\/em><\/p>\n<p><em><strong>Laurie Brunet<\/strong><span style=\"font-family: Arial, serif;\">\u00a0est artiste-p\u00e9dagogue et guide de visites cont\u00e9es. Elle accompagne les petits comme les grandes \u00e0 la d\u00e9couverte du th\u00e9\u00e2tre. Tomb\u00e9e dans la marmite d\u00e8s l\u2019\u00e9cole primaire, elle explore le jeu th\u00e9\u00e2tral jusqu\u2019au lyc\u00e9e en option th\u00e9\u00e2tre. A sa sortie du cycle professionnel au conservatoire de Grenoble, elle d\u00e9couvre la cr\u00e9ation In situ et co-fonde la compagnie La Pierre. En travaillant ensuite pour les Visites Cyb\u00e8le \u00e0 Lyon, elle ajoute \u00e0 sa pratique un volet culturel autour du patrimoine. Attir\u00e9e par la marionnette depuis la fac, elle se lance passionn\u00e9ment dans ce domaine avec Violaine, ajoutant une nouvelle corde \u00e0 son instrument. <\/span><\/em><\/p>\n<p><em><span style=\"font-family: Arial, serif;\">\u00a0<a href=\"https:\/\/lefildesformes.org\/wp-content\/uploads\/2025\/12\/P1030819.jpg\"><img loading=\"lazy\" decoding=\"async\" class=\"alignnone wp-image-339 size-medium\" src=\"https:\/\/lefildesformes.org\/wp-content\/uploads\/2025\/12\/P1030819-300x225.jpg\" alt=\"\" width=\"300\" height=\"225\" srcset=\"https:\/\/lefildesformes.org\/wp-content\/uploads\/2025\/12\/P1030819-300x225.jpg 300w, https:\/\/lefildesformes.org\/wp-content\/uploads\/2025\/12\/P1030819-768x576.jpg 768w, https:\/\/lefildesformes.org\/wp-content\/uploads\/2025\/12\/P1030819-1024x768.jpg 1024w\" sizes=\"auto, (max-width: 300px) 100vw, 300px\" \/><\/a><br \/>\n<\/span><\/em><\/p>\n<p><strong><em>Sabine Rosnay<\/em><\/strong><\/p>\n<p><em><strong>Herv\u00e9 Bourde<\/strong> <\/em><\/p>\n<p><em><strong>Jacques Stibler<\/strong><\/em><\/p>\n<p><em><strong>\u00a0<\/strong><\/em><\/p>\n","protected":false},"excerpt":{"rendered":"<p>Violaine Rom\u00e9as est marionnettiste et m\u00e9diatrice artistique, a collabor\u00e9 avec Marcel Violette, \u00abLa Marionnetterie\u00bb (dans l&rsquo;Orne), avec\u00a0 Alain Duverne dans la Cie \u00abImages et Mouvements\u00bb \u00e0 Paris. En tant qu\u2019interpr\u00e8te elle a anim\u00e9 des marionnettes t\u00e9l\u00e9visuelles telles que celles du B\u00e9b\u00eate show et des Guignols de l\u2019Info. Elle a particip\u00e9 en tant qu\u2019actrice-manipulatrice \u00e0 de &hellip; <a href=\"https:\/\/lefildesformes.org\/?page_id=2\" class=\"more-link\">Continuer la lecture de <span class=\"screen-reader-text\">Les artistes associ\u00e9.e.s<\/span> <span class=\"meta-nav\">&rarr;<\/span><\/a><\/p>\n","protected":false},"author":1,"featured_media":0,"parent":0,"menu_order":0,"comment_status":"closed","ping_status":"closed","template":"","meta":{"footnotes":""},"class_list":["post-2","page","type-page","status-publish","hentry"],"_links":{"self":[{"href":"https:\/\/lefildesformes.org\/index.php?rest_route=\/wp\/v2\/pages\/2","targetHints":{"allow":["GET"]}}],"collection":[{"href":"https:\/\/lefildesformes.org\/index.php?rest_route=\/wp\/v2\/pages"}],"about":[{"href":"https:\/\/lefildesformes.org\/index.php?rest_route=\/wp\/v2\/types\/page"}],"author":[{"embeddable":true,"href":"https:\/\/lefildesformes.org\/index.php?rest_route=\/wp\/v2\/users\/1"}],"replies":[{"embeddable":true,"href":"https:\/\/lefildesformes.org\/index.php?rest_route=%2Fwp%2Fv2%2Fcomments&post=2"}],"version-history":[{"count":46,"href":"https:\/\/lefildesformes.org\/index.php?rest_route=\/wp\/v2\/pages\/2\/revisions"}],"predecessor-version":[{"id":384,"href":"https:\/\/lefildesformes.org\/index.php?rest_route=\/wp\/v2\/pages\/2\/revisions\/384"}],"wp:attachment":[{"href":"https:\/\/lefildesformes.org\/index.php?rest_route=%2Fwp%2Fv2%2Fmedia&parent=2"}],"curies":[{"name":"wp","href":"https:\/\/api.w.org\/{rel}","templated":true}]}}